{"id":1370,"date":"2024-09-19T16:59:55","date_gmt":"2024-09-19T16:59:55","guid":{"rendered":"https:\/\/www.gipglobal.org\/la-task-force\/"},"modified":"2025-06-17T06:17:48","modified_gmt":"2025-06-17T06:17:48","slug":"equipe","status":"publish","type":"page","link":"https:\/\/www.gipglobal.org\/fr\/equipe\/","title":{"rendered":"\u00c9quipe"},"content":{"rendered":"<p>[et_pb_section fb_built=&#8221;1&#8243; custom_padding_last_edited=&#8221;on|phone&#8221; _builder_version=&#8221;4.27.0&#8243; _module_preset=&#8221;default&#8221; background_image=&#8221;https:\/\/www.gipglobal.org\/wp-content\/uploads\/2024\/09\/acerca-de-gip.png&#8221; module_alignment=&#8221;center&#8221; custom_margin=&#8221;0px|0px|0px|0px|true|true&#8221; custom_padding=&#8221;80px|140px|80px|140px|true|true&#8221; custom_padding_tablet=&#8221;|40px||40px|true|true&#8221; custom_padding_phone=&#8221;30px|10px|30px|10px|true|true&#8221; locked=&#8221;off&#8221; global_colors_info=&#8221;{}&#8221;][et_pb_row _builder_version=&#8221;4.27.0&#8243; _module_preset=&#8221;default&#8221; global_colors_info=&#8221;{}&#8221;][et_pb_column type=&#8221;4_4&#8243; _builder_version=&#8221;4.27.0&#8243; _module_preset=&#8221;default&#8221; global_colors_info=&#8221;{}&#8221;][et_pb_heading title=&#8221;\u00c9quipe&#8221; _builder_version=&#8221;4.27.0&#8243; _module_preset=&#8221;default&#8221; title_text_align=&#8221;center&#8221; title_text_color=&#8221;#F2F8F3&#8243; title_font_size=&#8221;50px&#8221; background_enable_image=&#8221;off&#8221; title_font_size_tablet=&#8221;50px&#8221; title_font_size_phone=&#8221;30px&#8221; title_font_size_last_edited=&#8221;on|phone&#8221; global_colors_info=&#8221;{}&#8221;][\/et_pb_heading][\/et_pb_column][\/et_pb_row][\/et_pb_section][et_pb_section fb_built=&#8221;1&#8243; custom_padding_last_edited=&#8221;on|phone&#8221; admin_label=&#8221;equipo&#8221; _builder_version=&#8221;4.27.0&#8243; _module_preset=&#8221;default&#8221; background_color=&#8221;#F2F8F3&#8243; custom_margin=&#8221;0px|0px|0px|0px|true|true&#8221; custom_padding=&#8221;80px|140px|80px|140px|true|true&#8221; custom_padding_tablet=&#8221;60px|40px|60px|40px|true|true&#8221; custom_padding_phone=&#8221;30px|20px|30px|20px|true|true&#8221; global_colors_info=&#8221;{}&#8221;][et_pb_row _builder_version=&#8221;4.27.0&#8243; _module_preset=&#8221;default&#8221; width=&#8221;100%&#8221; max_width=&#8221;2560px&#8221; global_colors_info=&#8221;{}&#8221;][et_pb_column type=&#8221;4_4&#8243; _builder_version=&#8221;4.27.0&#8243; _module_preset=&#8221;default&#8221; global_colors_info=&#8221;{}&#8221;][et_pb_text _builder_version=&#8221;4.27.0&#8243; _module_preset=&#8221;default&#8221; text_orientation=&#8221;center&#8221; custom_margin=&#8221;||40px|||&#8221; global_colors_info=&#8221;{}&#8221;]<\/p>\n<h1 id=\"\u201cequipo\u201d\">L&#8217;\u00e9quipe de direction<\/h1>\n<p>[\/et_pb_text][et_pb_code _builder_version=&#8221;4.27.0&#8243; _module_preset=&#8221;default&#8221; global_colors_info=&#8221;{}&#8221;]<\/p>\n<div id=\"equipofr\"><!-- [et_pb_line_break_holder] --><\/div>\n<p>[\/et_pb_code][\/et_pb_column][\/et_pb_row][et_pb_row column_structure=&#8221;1_4,1_4,1_4,1_4&#8243; _builder_version=&#8221;4.27.0&#8243; _module_preset=&#8221;default&#8221; width=&#8221;100%&#8221; max_width=&#8221;2560px&#8221; global_colors_info=&#8221;{}&#8221;][et_pb_column type=&#8221;1_4&#8243; _builder_version=&#8221;4.27.0&#8243; _module_preset=&#8221;default&#8221; global_colors_info=&#8221;{}&#8221;][et_pb_team_member name=&#8221;Beatriz Mej\u00eda&#8221; image_url=&#8221;https:\/\/www.gipglobal.org\/wp-content\/uploads\/2025\/06\/nuevabeatrz-Photoroom.png&#8221; _builder_version=&#8221;4.27.4&#8243; _module_preset=&#8221;default&#8221; body_text_color=&#8221;rgba(17,34,49,0.46)&#8221; background_color=&#8221;#ffffff&#8221; custom_margin=&#8221;0px|0px|0px|0px|true|true&#8221; custom_padding=&#8221;20px|20px|20px|20px|true|true&#8221; hover_enabled=&#8221;0&#8243; border_radii_image=&#8221;on|3px|3px|3px|3px&#8221; global_colors_info=&#8221;{}&#8221; title_text=&#8221;nuevabeatrz-Photoroom&#8221; sticky_enabled=&#8221;0&#8243;]<\/p>\n<p>Pr\u00e9sidente Colombie<br \/>Pr\u00e9sident USA<br \/>Tr\u00e9soriere Suisse<br \/>CEO Colombie<\/p>\n<p>[\/et_pb_team_member][\/et_pb_column][et_pb_column type=&#8221;1_4&#8243; _builder_version=&#8221;4.27.0&#8243; _module_preset=&#8221;default&#8221; global_colors_info=&#8221;{}&#8221;][et_pb_team_member name=&#8221;Bibiana Zuluaga&#8221; image_url=&#8221;https:\/\/www.gipglobal.org\/wp-content\/uploads\/2024\/10\/Bibiana-Zuluaga.png&#8221; _builder_version=&#8221;4.27.0&#8243; _module_preset=&#8221;default&#8221; body_text_color=&#8221;rgba(17,34,49,0.46)&#8221; background_color=&#8221;#ffffff&#8221; custom_margin=&#8221;0px|0px|0px|0px|true|true&#8221; custom_padding=&#8221;20px|20px|20px|20px|true|true&#8221; border_radii_image=&#8221;on|3px|3px|3px|3px&#8221; global_colors_info=&#8221;{}&#8221;]<\/p>\n<p>Secr\u00e9taire g\u00e9n\u00e9ral Suisse<br \/>CEO Suisse<\/p>\n<p>[\/et_pb_team_member][\/et_pb_column][et_pb_column type=&#8221;1_4&#8243; _builder_version=&#8221;4.27.0&#8243; _module_preset=&#8221;default&#8221; global_colors_info=&#8221;{}&#8221;][et_pb_team_member name=&#8221;Diogo Jurema&#8221; image_url=&#8221;https:\/\/www.gipglobal.org\/wp-content\/uploads\/2024\/10\/Diogo-Jurema.png&#8221; _builder_version=&#8221;4.27.0&#8243; _module_preset=&#8221;default&#8221; body_text_color=&#8221;rgba(17,34,49,0.46)&#8221; background_color=&#8221;#ffffff&#8221; custom_margin=&#8221;0px|0px|0px|0px|true|true&#8221; custom_padding=&#8221;20px|20px|20px|20px|true|true&#8221; border_radii_image=&#8221;on|3px|3px|3px|3px&#8221; global_colors_info=&#8221;{}&#8221;]Pr\u00e9sident Suisse<br \/>\nVice-pr\u00e9sident Colombie[\/et_pb_team_member][\/et_pb_column][et_pb_column type=&#8221;1_4&#8243; _builder_version=&#8221;4.27.0&#8243; _module_preset=&#8221;default&#8221; global_colors_info=&#8221;{}&#8221;][et_pb_team_member name=&#8221;Cecilia %22Chechi%22 Baena&#8221; image_url=&#8221;https:\/\/www.gipglobal.org\/wp-content\/uploads\/2025\/04\/imagen-chechi-.png&#8221; _builder_version=&#8221;4.27.4&#8243; _module_preset=&#8221;default&#8221; body_text_color=&#8221;rgba(17,34,49,0.46)&#8221; background_color=&#8221;#ffffff&#8221; custom_margin=&#8221;0px|0px|0px|0px|true|true&#8221; custom_padding=&#8221;20px|20px|20px|20px|true|true&#8221; hover_enabled=&#8221;0&#8243; border_radii_image=&#8221;on|3px|3px|3px|3px&#8221; global_colors_info=&#8221;{}&#8221; locked=&#8221;off&#8221; title_text=&#8221;imagen chechi-&#8221; sticky_enabled=&#8221;0&#8243;]<\/p>\n<p>Colombie<\/p>\n<p>[\/et_pb_team_member][\/et_pb_column][\/et_pb_row][et_pb_row column_structure=&#8221;1_5,1_5,1_5,1_5,1_5&#8243; _builder_version=&#8221;4.27.0&#8243; _module_preset=&#8221;default&#8221; width=&#8221;100%&#8221; max_width=&#8221;2560px&#8221; global_colors_info=&#8221;{}&#8221;][et_pb_column type=&#8221;1_5&#8243; _builder_version=&#8221;4.27.0&#8243; _module_preset=&#8221;default&#8221; global_colors_info=&#8221;{}&#8221;][et_pb_team_member name=&#8221;Clemencia Anaya&#8221; image_url=&#8221;https:\/\/www.gipglobal.org\/wp-content\/uploads\/2024\/10\/Clemencia-Anaya.png&#8221; _builder_version=&#8221;4.27.0&#8243; _module_preset=&#8221;default&#8221; body_text_color=&#8221;rgba(17,34,49,0.46)&#8221; background_color=&#8221;#ffffff&#8221; custom_margin=&#8221;0px|0px|0px|0px|true|true&#8221; custom_padding=&#8221;20px|20px|20px|20px|true|true&#8221; border_radii_image=&#8221;on|3px|3px|3px|3px&#8221; global_colors_info=&#8221;{}&#8221;]Vocal Colombie[\/et_pb_team_member][\/et_pb_column][et_pb_column type=&#8221;1_5&#8243; _builder_version=&#8221;4.27.0&#8243; _module_preset=&#8221;default&#8221; global_colors_info=&#8221;{}&#8221;][et_pb_team_member name=&#8221;Ana Mar\u00eda Bernal&#8221; image_url=&#8221;https:\/\/www.gipglobal.org\/wp-content\/uploads\/2024\/10\/Ana-Bernal.png&#8221; _builder_version=&#8221;4.27.0&#8243; _module_preset=&#8221;default&#8221; body_text_color=&#8221;rgba(17,34,49,0.46)&#8221; background_color=&#8221;#ffffff&#8221; custom_margin=&#8221;0px|0px|0px|0px|true|true&#8221; custom_padding=&#8221;20px|20px|20px|20px|true|true&#8221; border_radii_image=&#8221;on|3px|3px|3px|3px&#8221; global_colors_info=&#8221;{}&#8221;]<\/p>\n<p>Secr\u00e9taire g\u00e9n\u00e9rale USA<br \/>Assistante de la direction g\u00e9n\u00e9ral Colombie<\/p>\n<p>[\/et_pb_team_member][\/et_pb_column][et_pb_column type=&#8221;1_5&#8243; _builder_version=&#8221;4.27.0&#8243; _module_preset=&#8221;default&#8221; global_colors_info=&#8221;{}&#8221;][et_pb_team_member name=&#8221;Paola Sepulveda&#8221; image_url=&#8221;https:\/\/www.gipglobal.org\/wp-content\/uploads\/2024\/11\/Paola-Sepulveda.png.png&#8221; _builder_version=&#8221;4.27.0&#8243; _module_preset=&#8221;default&#8221; body_text_color=&#8221;rgba(17,34,49,0.46)&#8221; background_color=&#8221;#ffffff&#8221; custom_margin=&#8221;0px|0px|0px|0px|true|true&#8221; custom_padding=&#8221;20px|20px|20px|20px|true|true&#8221; border_radii_image=&#8221;on|3px|3px|3px|3px&#8221; global_colors_info=&#8221;{}&#8221;]<\/p>\n<p>Chef de projet USA<\/p>\n<p>[\/et_pb_team_member][\/et_pb_column][et_pb_column type=&#8221;1_5&#8243; _builder_version=&#8221;4.27.0&#8243; _module_preset=&#8221;default&#8221; global_colors_info=&#8221;{}&#8221;][et_pb_team_member name=&#8221;Sandra Joyner Enesi&#8221; image_url=&#8221;https:\/\/www.gipglobal.org\/wp-content\/uploads\/2024\/10\/Sandra-Enesi.png&#8221; _builder_version=&#8221;4.27.0&#8243; _module_preset=&#8221;default&#8221; body_text_color=&#8221;rgba(17,34,49,0.46)&#8221; background_color=&#8221;#ffffff&#8221; custom_margin=&#8221;0px|0px|0px|0px|true|true&#8221; custom_padding=&#8221;20px|20px|20px|20px|true|true&#8221; border_radii_image=&#8221;on|3px|3px|3px|3px&#8221; global_colors_info=&#8221;{}&#8221;]Tr\u00e9sorier USA[\/et_pb_team_member][\/et_pb_column][et_pb_column type=&#8221;1_5&#8243; _builder_version=&#8221;4.27.0&#8243; _module_preset=&#8221;default&#8221; global_colors_info=&#8221;{}&#8221;][et_pb_team_member name=&#8221;Jenny Viviana Granada&#8221; image_url=&#8221;https:\/\/www.gipglobal.org\/wp-content\/uploads\/2024\/11\/Jenny-Viviana-Granada.png.png&#8221; _builder_version=&#8221;4.27.0&#8243; _module_preset=&#8221;default&#8221; body_text_color=&#8221;rgba(17,34,49,0.46)&#8221; background_color=&#8221;#ffffff&#8221; custom_margin=&#8221;0px|0px|0px|0px|true|true&#8221; custom_padding=&#8221;20px|20px|20px|20px|true|true&#8221; border_radii_image=&#8221;on|3px|3px|3px|3px&#8221; locked=&#8221;off&#8221; global_colors_info=&#8221;{}&#8221;]<\/p>\n<p>Commissaire aux comptes<\/p>\n<p>[\/et_pb_team_member][\/et_pb_column][\/et_pb_row][\/et_pb_section][et_pb_section fb_built=&#8221;1&#8243; custom_padding_last_edited=&#8221;on|phone&#8221; _builder_version=&#8221;4.27.0&#8243; _module_preset=&#8221;default&#8221; background_color=&#8221;#F2F8F3&#8243; custom_margin=&#8221;0px|0px|0px|0px|true|true&#8221; custom_padding=&#8221;20px|140px|80px|140px|false|true&#8221; custom_padding_tablet=&#8221;60px|40px|60px|40px|true|true&#8221; custom_padding_phone=&#8221;0px|20px|30px|20px|false|true&#8221; saved_tabs=&#8221;all&#8221; locked=&#8221;off&#8221; global_colors_info=&#8221;{}&#8221;][et_pb_row _builder_version=&#8221;4.27.0&#8243; _module_preset=&#8221;default&#8221; width=&#8221;100%&#8221; max_width=&#8221;2560px&#8221; global_colors_info=&#8221;{}&#8221;][et_pb_column type=&#8221;4_4&#8243; _builder_version=&#8221;4.27.0&#8243; _module_preset=&#8221;default&#8221; global_colors_info=&#8221;{}&#8221;][et_pb_text _builder_version=&#8221;4.27.0&#8243; _module_preset=&#8221;default&#8221; text_orientation=&#8221;center&#8221; custom_margin=&#8221;||40px|||&#8221; global_colors_info=&#8221;{}&#8221;]<\/p>\n<h1>Team of professionals<\/h1>\n<p>[\/et_pb_text][\/et_pb_column][\/et_pb_row][et_pb_row column_structure=&#8221;1_4,1_4,1_4,1_4&#8243; _builder_version=&#8221;4.27.0&#8243; _module_preset=&#8221;default&#8221; width=&#8221;100%&#8221; max_width=&#8221;2560px&#8221; global_colors_info=&#8221;{}&#8221;][et_pb_column type=&#8221;1_4&#8243; _builder_version=&#8221;4.27.0&#8243; _module_preset=&#8221;default&#8221; global_colors_info=&#8221;{}&#8221;][et_pb_team_member name=&#8221;Nancy Giraldo&#8221; image_url=&#8221;https:\/\/www.gipglobal.org\/wp-content\/uploads\/2024\/10\/Nancy-Giraldo.png&#8221; _builder_version=&#8221;4.27.0&#8243; _module_preset=&#8221;default&#8221; body_text_color=&#8221;rgba(17,34,49,0.46)&#8221; background_color=&#8221;#ffffff&#8221; custom_margin=&#8221;0px|0px|0px|0px|true|true&#8221; custom_padding=&#8221;20px|20px|20px|20px|true|true&#8221; border_radii_image=&#8221;on|3px|3px|3px|3px&#8221; global_colors_info=&#8221;{}&#8221;]<\/p>\n<div><span lang=\"EN-US\">Coordinatrice<\/span><\/div>\n<p>m\u00e9thodologique<\/p>\n<p>[\/et_pb_team_member][\/et_pb_column][et_pb_column type=&#8221;1_4&#8243; _builder_version=&#8221;4.27.0&#8243; _module_preset=&#8221;default&#8221; global_colors_info=&#8221;{}&#8221;][et_pb_team_member name=&#8221;Orlando Z\u00fa\u00f1iga&#8221; image_url=&#8221;https:\/\/www.gipglobal.org\/wp-content\/uploads\/2024\/10\/Orlando-Zuniga.png&#8221; _builder_version=&#8221;4.27.0&#8243; _module_preset=&#8221;default&#8221; body_text_color=&#8221;rgba(17,34,49,0.46)&#8221; background_color=&#8221;#ffffff&#8221; custom_margin=&#8221;0px|0px|0px|0px|true|true&#8221; custom_padding=&#8221;20px|20px|20px|20px|true|true&#8221; border_radii_image=&#8221;on|3px|3px|3px|3px&#8221; global_colors_info=&#8221;{}&#8221;]<\/p>\n<p>Coordinateur territorial<\/p>\n<p>[\/et_pb_team_member][\/et_pb_column][et_pb_column type=&#8221;1_4&#8243; _builder_version=&#8221;4.27.0&#8243; _module_preset=&#8221;default&#8221; global_colors_info=&#8221;{}&#8221;][et_pb_team_member name=&#8221;Diana Feo Ardila&#8221; image_url=&#8221;https:\/\/www.gipglobal.org\/wp-content\/uploads\/2024\/10\/Diana-Feo.png&#8221; _builder_version=&#8221;4.27.0&#8243; _module_preset=&#8221;default&#8221; body_text_color=&#8221;rgba(17,34,49,0.46)&#8221; background_color=&#8221;#ffffff&#8221; custom_margin=&#8221;0px|0px|0px|0px|true|true&#8221; custom_padding=&#8221;20px|20px|20px|20px|true|true&#8221; border_radii_image=&#8221;on|3px|3px|3px|3px&#8221; global_colors_info=&#8221;{}&#8221;]<\/p>\n<p>Leader de l&#8217;appropriation sociale des connaissances<\/p>\n<p>[\/et_pb_team_member][\/et_pb_column][et_pb_column type=&#8221;1_4&#8243; _builder_version=&#8221;4.27.0&#8243; _module_preset=&#8221;default&#8221; global_colors_info=&#8221;{}&#8221;][et_pb_team_member name=&#8221;C\u00e9sar Cardona&#8221; image_url=&#8221;https:\/\/www.gipglobal.org\/wp-content\/uploads\/2024\/10\/Cesar-Cardona.png&#8221; _builder_version=&#8221;4.27.0&#8243; _module_preset=&#8221;default&#8221; body_text_color=&#8221;rgba(17,34,49,0.46)&#8221; background_color=&#8221;#ffffff&#8221; custom_margin=&#8221;0px|0px|0px|0px|true|true&#8221; custom_padding=&#8221;20px|20px|20px|20px|true|true&#8221; border_radii_image=&#8221;on|3px|3px|3px|3px&#8221; global_colors_info=&#8221;{}&#8221;]<\/p>\n<p>Dirigeant sportif<\/p>\n<p>[\/et_pb_team_member][\/et_pb_column][\/et_pb_row][et_pb_row column_structure=&#8221;1_4,1_4,1_4,1_4&#8243; _builder_version=&#8221;4.27.0&#8243; _module_preset=&#8221;default&#8221; width=&#8221;100%&#8221; max_width=&#8221;2560px&#8221; global_colors_info=&#8221;{}&#8221;][et_pb_column type=&#8221;1_4&#8243; _builder_version=&#8221;4.27.0&#8243; _module_preset=&#8221;default&#8221; global_colors_info=&#8221;{}&#8221;][et_pb_team_member name=&#8221;Laura Arcila&#8221; image_url=&#8221;https:\/\/www.gipglobal.org\/wp-content\/uploads\/2024\/10\/Laura-Arcila.png&#8221; _builder_version=&#8221;4.27.0&#8243; _module_preset=&#8221;default&#8221; body_text_color=&#8221;rgba(17,34,49,0.46)&#8221; background_color=&#8221;#ffffff&#8221; custom_margin=&#8221;0px|0px|0px|0px|true|true&#8221; custom_padding=&#8221;20px|20px|20px|20px|true|true&#8221; border_radii_image=&#8221;on|3px|3px|3px|3px&#8221; global_colors_info=&#8221;{}&#8221;]<\/p>\n<div><span lang=\"EN-US\">Assistante administrative <\/span>et comptable<\/div>\n<p>[\/et_pb_team_member][\/et_pb_column][et_pb_column type=&#8221;1_4&#8243; _builder_version=&#8221;4.27.0&#8243; _module_preset=&#8221;default&#8221; global_colors_info=&#8221;{}&#8221;][\/et_pb_column][et_pb_column type=&#8221;1_4&#8243; _builder_version=&#8221;4.27.0&#8243; _module_preset=&#8221;default&#8221; global_colors_info=&#8221;{}&#8221;][\/et_pb_column][et_pb_column type=&#8221;1_4&#8243; _builder_version=&#8221;4.27.0&#8243; _module_preset=&#8221;default&#8221; global_colors_info=&#8221;{}&#8221;][\/et_pb_column][\/et_pb_row][\/et_pb_section][et_pb_section fb_built=&#8221;1&#8243; custom_padding_last_edited=&#8221;on|phone&#8221; admin_label=&#8221;secci\u00f3n CTA ppal&#8221; _builder_version=&#8221;4.27.0&#8243; _module_preset=&#8221;default&#8221; background_color=&#8221;#1977F3&#8243; custom_margin=&#8221;0px|0px|0px|0px|true|true&#8221; custom_padding=&#8221;80px|140px|80px|140px|true|true&#8221; custom_padding_tablet=&#8221;60px|40px|60px|40px|true|true&#8221; custom_padding_phone=&#8221;30px|20px|30px|20px|true|true&#8221; saved_tabs=&#8221;all&#8221; global_colors_info=&#8221;{}&#8221;][et_pb_row _builder_version=&#8221;4.27.0&#8243; _module_preset=&#8221;default&#8221; width=&#8221;100%&#8221; max_width=&#8221;2560px&#8221; global_colors_info=&#8221;{}&#8221;][et_pb_column type=&#8221;4_4&#8243; _builder_version=&#8221;4.27.0&#8243; _module_preset=&#8221;default&#8221; global_colors_info=&#8221;{}&#8221;][et_pb_cta title=&#8221;Am\u00e9liorer le monde par le sport&#8221; button_url=&#8221;@ET-DC@eyJkeW5hbWljIjp0cnVlLCJjb250ZW50IjoicG9zdF9saW5rX3VybF9wYWdlIiwic2V0dGluZ3MiOnsicG9zdF9pZCI6IjI3MiJ9fQ==@&#8221; button_text=&#8221;Contactez-nous&#8221; _builder_version=&#8221;4.27.0&#8243; _dynamic_attributes=&#8221;button_url&#8221; _module_preset=&#8221;default&#8221; header_level=&#8221;h5&#8243; header_font_size=&#8221;30px&#8221; header_line_height=&#8221;1.4em&#8221; body_font=&#8221;|700|||||||&#8221; body_font_size=&#8221;21px&#8221; background_enable_color=&#8221;off&#8221; custom_button=&#8221;on&#8221; button_text_color=&#8221;#1977F3&#8243; button_bg_color=&#8221;#F2F8F3&#8243; button_border_color=&#8221;#F2F8F3&#8243; button_border_radius=&#8221;100px&#8221; button_font=&#8221;&#8211;et_global_heading_font||||||||&#8221; button_use_icon=&#8221;off&#8221; body_font_size_tablet=&#8221;16px&#8221; body_font_size_phone=&#8221;&#8221; body_font_size_last_edited=&#8221;on|desktop&#8221; global_colors_info=&#8221;{}&#8221;]<\/p>\n<p>Nous sommes ouverts \u00e0 de nouveaux partenariats et \u00e0 de nouvelles collaborations.<br \/>\nContactez-nous pour d\u00e9couvrir comment, ensemble, nous pouvons avoir un impact positif sur les communaut\u00e9s d&#8217;Am\u00e9rique latine et d&#8217;ailleurs. <\/p>\n<p>[\/et_pb_cta][\/et_pb_column][\/et_pb_row][\/et_pb_section]<\/p>\n","protected":false},"excerpt":{"rendered":"<p>L&#8217;\u00e9quipe de directionPr\u00e9sidente ColombiePr\u00e9sident USATr\u00e9soriere SuisseCEO ColombieSecr\u00e9taire g\u00e9n\u00e9ral SuisseCEO SuissePr\u00e9sident Suisse Vice-pr\u00e9sident ColombieColombieVocal ColombieSecr\u00e9taire g\u00e9n\u00e9rale USAAssistante de la direction g\u00e9n\u00e9ral ColombieChef de projet USATr\u00e9sorier USACommissaire aux comptesTeam of professionalsCoordinatrice m\u00e9thodologiqueCoordinateur [&hellip;]<\/p>\n","protected":false},"author":1,"featured_media":0,"parent":0,"menu_order":0,"comment_status":"closed","ping_status":"closed","template":"","meta":{"_bbp_topic_count":0,"_bbp_reply_count":0,"_bbp_total_topic_count":0,"_bbp_total_reply_count":0,"_bbp_voice_count":0,"_bbp_anonymous_reply_count":0,"_bbp_topic_count_hidden":0,"_bbp_reply_count_hidden":0,"_bbp_forum_subforum_count":0,"_et_pb_use_builder":"on","_et_pb_old_content":"","_et_gb_content_width":"","footnotes":""},"class_list":["post-1370","page","type-page","status-publish","hentry"],"yoast_head":"<!-- This site is optimized with the Yoast SEO plugin v27.5 - https:\/\/yoast.com\/product\/yoast-seo-wordpress\/ -->\n<title>\u00c9quipe - Grupo Internacional de Paz<\/title>\n<meta name=\"robots\" content=\"index, follow, max-snippet:-1, max-image-preview:large, max-video-preview:-1\" \/>\n<link rel=\"canonical\" href=\"https:\/\/www.gipglobal.org\/fr\/equipe\/\" \/>\n<meta property=\"og:locale\" content=\"fr_FR\" \/>\n<meta property=\"og:type\" content=\"article\" \/>\n<meta property=\"og:title\" content=\"\u00c9quipe - Grupo Internacional de Paz\" \/>\n<meta property=\"og:description\" content=\"L&#039;\u00e9quipe de directionPr\u00e9sidente ColombiePr\u00e9sident USATr\u00e9soriere SuisseCEO ColombieSecr\u00e9taire g\u00e9n\u00e9ral SuisseCEO SuissePr\u00e9sident Suisse Vice-pr\u00e9sident ColombieColombieVocal ColombieSecr\u00e9taire g\u00e9n\u00e9rale USAAssistante de la direction g\u00e9n\u00e9ral ColombieChef de projet USATr\u00e9sorier USACommissaire aux comptesTeam of professionalsCoordinatrice m\u00e9thodologiqueCoordinateur [&hellip;]\" \/>\n<meta property=\"og:url\" content=\"https:\/\/www.gipglobal.org\/fr\/equipe\/\" \/>\n<meta property=\"og:site_name\" content=\"Grupo Internacional de Paz\" \/>\n<meta property=\"article:publisher\" content=\"https:\/\/www.facebook.com\/Grupointernacionaldepaz\" \/>\n<meta property=\"article:modified_time\" content=\"2025-06-17T06:17:48+00:00\" \/>\n<meta name=\"twitter:card\" content=\"summary_large_image\" \/>\n<meta name=\"twitter:label1\" content=\"Dur\u00e9e de lecture estim\u00e9e\" \/>\n\t<meta name=\"twitter:data1\" content=\"10 minutes\" \/>\n<script type=\"application\/ld+json\" class=\"yoast-schema-graph\">{\"@context\":\"https:\\\/\\\/schema.org\",\"@graph\":[{\"@type\":\"WebPage\",\"@id\":\"https:\\\/\\\/www.gipglobal.org\\\/fr\\\/equipe\\\/\",\"url\":\"https:\\\/\\\/www.gipglobal.org\\\/fr\\\/equipe\\\/\",\"name\":\"\u00c9quipe - Grupo Internacional de Paz\",\"isPartOf\":{\"@id\":\"https:\\\/\\\/www.gipglobal.org\\\/fr\\\/#website\"},\"datePublished\":\"2024-09-19T16:59:55+00:00\",\"dateModified\":\"2025-06-17T06:17:48+00:00\",\"breadcrumb\":{\"@id\":\"https:\\\/\\\/www.gipglobal.org\\\/fr\\\/equipe\\\/#breadcrumb\"},\"inLanguage\":\"fr-FR\",\"potentialAction\":[{\"@type\":\"ReadAction\",\"target\":[\"https:\\\/\\\/www.gipglobal.org\\\/fr\\\/equipe\\\/\"]}]},{\"@type\":\"BreadcrumbList\",\"@id\":\"https:\\\/\\\/www.gipglobal.org\\\/fr\\\/equipe\\\/#breadcrumb\",\"itemListElement\":[{\"@type\":\"ListItem\",\"position\":1,\"name\":\"Portada\",\"item\":\"https:\\\/\\\/www.gipglobal.org\\\/fr\\\/\"},{\"@type\":\"ListItem\",\"position\":2,\"name\":\"\u00c9quipe\"}]},{\"@type\":\"WebSite\",\"@id\":\"https:\\\/\\\/www.gipglobal.org\\\/fr\\\/#website\",\"url\":\"https:\\\/\\\/www.gipglobal.org\\\/fr\\\/\",\"name\":\"Grupo Internacional de Paz\",\"description\":\"Paz y desarrollo atravez del deporte\",\"publisher\":{\"@id\":\"https:\\\/\\\/www.gipglobal.org\\\/fr\\\/#organization\"},\"potentialAction\":[{\"@type\":\"SearchAction\",\"target\":{\"@type\":\"EntryPoint\",\"urlTemplate\":\"https:\\\/\\\/www.gipglobal.org\\\/fr\\\/?s={search_term_string}\"},\"query-input\":{\"@type\":\"PropertyValueSpecification\",\"valueRequired\":true,\"valueName\":\"search_term_string\"}}],\"inLanguage\":\"fr-FR\"},{\"@type\":\"Organization\",\"@id\":\"https:\\\/\\\/www.gipglobal.org\\\/fr\\\/#organization\",\"name\":\"Grupo Internacional de Paz\",\"url\":\"https:\\\/\\\/www.gipglobal.org\\\/fr\\\/\",\"logo\":{\"@type\":\"ImageObject\",\"inLanguage\":\"fr-FR\",\"@id\":\"https:\\\/\\\/www.gipglobal.org\\\/fr\\\/#\\\/schema\\\/logo\\\/image\\\/\",\"url\":\"https:\\\/\\\/www.gipglobal.org\\\/wp-content\\\/uploads\\\/2024\\\/09\\\/logo-GIP-01-Artboard-1.png\",\"contentUrl\":\"https:\\\/\\\/www.gipglobal.org\\\/wp-content\\\/uploads\\\/2024\\\/09\\\/logo-GIP-01-Artboard-1.png\",\"width\":1295,\"height\":732,\"caption\":\"Grupo Internacional de Paz\"},\"image\":{\"@id\":\"https:\\\/\\\/www.gipglobal.org\\\/fr\\\/#\\\/schema\\\/logo\\\/image\\\/\"},\"sameAs\":[\"https:\\\/\\\/www.facebook.com\\\/Grupointernacionaldepaz\",\"https:\\\/\\\/www.instagram.com\\\/grupointernacionaldepaz?igsh=MnZ1M2t3ajNkbGxo\"]}]}<\/script>\n<!-- \/ Yoast SEO plugin. -->","yoast_head_json":{"title":"\u00c9quipe - Grupo Internacional de Paz","robots":{"index":"index","follow":"follow","max-snippet":"max-snippet:-1","max-image-preview":"max-image-preview:large","max-video-preview":"max-video-preview:-1"},"canonical":"https:\/\/www.gipglobal.org\/fr\/equipe\/","og_locale":"fr_FR","og_type":"article","og_title":"\u00c9quipe - Grupo Internacional de Paz","og_description":"L'\u00e9quipe de directionPr\u00e9sidente ColombiePr\u00e9sident USATr\u00e9soriere SuisseCEO ColombieSecr\u00e9taire g\u00e9n\u00e9ral SuisseCEO SuissePr\u00e9sident Suisse Vice-pr\u00e9sident ColombieColombieVocal ColombieSecr\u00e9taire g\u00e9n\u00e9rale USAAssistante de la direction g\u00e9n\u00e9ral ColombieChef de projet USATr\u00e9sorier USACommissaire aux comptesTeam of professionalsCoordinatrice m\u00e9thodologiqueCoordinateur [&hellip;]","og_url":"https:\/\/www.gipglobal.org\/fr\/equipe\/","og_site_name":"Grupo Internacional de Paz","article_publisher":"https:\/\/www.facebook.com\/Grupointernacionaldepaz","article_modified_time":"2025-06-17T06:17:48+00:00","twitter_card":"summary_large_image","twitter_misc":{"Dur\u00e9e de lecture estim\u00e9e":"10 minutes"},"schema":{"@context":"https:\/\/schema.org","@graph":[{"@type":"WebPage","@id":"https:\/\/www.gipglobal.org\/fr\/equipe\/","url":"https:\/\/www.gipglobal.org\/fr\/equipe\/","name":"\u00c9quipe - Grupo Internacional de Paz","isPartOf":{"@id":"https:\/\/www.gipglobal.org\/fr\/#website"},"datePublished":"2024-09-19T16:59:55+00:00","dateModified":"2025-06-17T06:17:48+00:00","breadcrumb":{"@id":"https:\/\/www.gipglobal.org\/fr\/equipe\/#breadcrumb"},"inLanguage":"fr-FR","potentialAction":[{"@type":"ReadAction","target":["https:\/\/www.gipglobal.org\/fr\/equipe\/"]}]},{"@type":"BreadcrumbList","@id":"https:\/\/www.gipglobal.org\/fr\/equipe\/#breadcrumb","itemListElement":[{"@type":"ListItem","position":1,"name":"Portada","item":"https:\/\/www.gipglobal.org\/fr\/"},{"@type":"ListItem","position":2,"name":"\u00c9quipe"}]},{"@type":"WebSite","@id":"https:\/\/www.gipglobal.org\/fr\/#website","url":"https:\/\/www.gipglobal.org\/fr\/","name":"Grupo Internacional de Paz","description":"Paz y desarrollo atravez del deporte","publisher":{"@id":"https:\/\/www.gipglobal.org\/fr\/#organization"},"potentialAction":[{"@type":"SearchAction","target":{"@type":"EntryPoint","urlTemplate":"https:\/\/www.gipglobal.org\/fr\/?s={search_term_string}"},"query-input":{"@type":"PropertyValueSpecification","valueRequired":true,"valueName":"search_term_string"}}],"inLanguage":"fr-FR"},{"@type":"Organization","@id":"https:\/\/www.gipglobal.org\/fr\/#organization","name":"Grupo Internacional de Paz","url":"https:\/\/www.gipglobal.org\/fr\/","logo":{"@type":"ImageObject","inLanguage":"fr-FR","@id":"https:\/\/www.gipglobal.org\/fr\/#\/schema\/logo\/image\/","url":"https:\/\/www.gipglobal.org\/wp-content\/uploads\/2024\/09\/logo-GIP-01-Artboard-1.png","contentUrl":"https:\/\/www.gipglobal.org\/wp-content\/uploads\/2024\/09\/logo-GIP-01-Artboard-1.png","width":1295,"height":732,"caption":"Grupo Internacional de Paz"},"image":{"@id":"https:\/\/www.gipglobal.org\/fr\/#\/schema\/logo\/image\/"},"sameAs":["https:\/\/www.facebook.com\/Grupointernacionaldepaz","https:\/\/www.instagram.com\/grupointernacionaldepaz?igsh=MnZ1M2t3ajNkbGxo"]}]}},"jetpack_sharing_enabled":true,"_links":{"self":[{"href":"https:\/\/www.gipglobal.org\/fr\/wp-json\/wp\/v2\/pages\/1370","targetHints":{"allow":["GET"]}}],"collection":[{"href":"https:\/\/www.gipglobal.org\/fr\/wp-json\/wp\/v2\/pages"}],"about":[{"href":"https:\/\/www.gipglobal.org\/fr\/wp-json\/wp\/v2\/types\/page"}],"author":[{"embeddable":true,"href":"https:\/\/www.gipglobal.org\/fr\/wp-json\/wp\/v2\/users\/1"}],"replies":[{"embeddable":true,"href":"https:\/\/www.gipglobal.org\/fr\/wp-json\/wp\/v2\/comments?post=1370"}],"version-history":[{"count":12,"href":"https:\/\/www.gipglobal.org\/fr\/wp-json\/wp\/v2\/pages\/1370\/revisions"}],"predecessor-version":[{"id":1857,"href":"https:\/\/www.gipglobal.org\/fr\/wp-json\/wp\/v2\/pages\/1370\/revisions\/1857"}],"wp:attachment":[{"href":"https:\/\/www.gipglobal.org\/fr\/wp-json\/wp\/v2\/media?parent=1370"}],"curies":[{"name":"wp","href":"https:\/\/api.w.org\/{rel}","templated":true}]}}